{"id":5574,"date":"2024-08-29T17:13:03","date_gmt":"2024-08-29T15:13:03","guid":{"rendered":"https:\/\/alexandre-dallant.com\/?page_id=5574"},"modified":"2024-11-26T11:25:05","modified_gmt":"2024-11-26T10:25:05","slug":"test-havas-femmes-du-monde","status":"publish","type":"page","link":"https:\/\/alexandre-dallant.com\/index.php\/test-havas-femmes-du-monde\/","title":{"rendered":"Test Havas &#8211; femmes du monde"},"content":{"rendered":"<p>[et_pb_section fb_built=\u00a0\u00bb1&Prime; _builder_version=\u00a0\u00bb4.25.1&Prime; _module_preset=\u00a0\u00bbdefault\u00a0\u00bb background_color=\u00a0\u00bb#e5e5e5&Prime; background_image=\u00a0\u00bbhttps:\/\/alexandre-dallant.com\/wp-content\/uploads\/2024\/08\/AdobeStock_341432444.jpeg\u00a0\u00bb background_enable_video_mp4=\u00a0\u00bboff\u00a0\u00bb min_height=\u00a0\u00bb380.4px\u00a0\u00bb custom_margin=\u00a0\u00bb||-3px|||\u00a0\u00bb custom_padding=\u00a0\u00bb114px||4px|||\u00a0\u00bb global_colors_info=\u00a0\u00bb{}\u00a0\u00bb][et_pb_row _builder_version=\u00a0\u00bb4.25.1&Prime; _module_preset=\u00a0\u00bbdefault\u00a0\u00bb min_height=\u00a0\u00bb94.1px\u00a0\u00bb global_colors_info=\u00a0\u00bb{}\u00a0\u00bb][et_pb_column type=\u00a0\u00bb4_4&Prime; _builder_version=\u00a0\u00bb4.25.1&Prime; _module_preset=\u00a0\u00bbdefault\u00a0\u00bb global_colors_info=\u00a0\u00bb{}\u00a0\u00bb][et_pb_image src=\u00a0\u00bbhttps:\/\/alexandre-dallant.com\/wp-content\/uploads\/2024\/05\/HV_logo_blanc.png\u00a0\u00bb title_text=\u00a0\u00bbHV_logo_blanc\u00a0\u00bb url=\u00a0\u00bb@ET-DC@eyJkeW5hbWljIjp0cnVlLCJjb250ZW50IjoicG9zdF9saW5rX3VybF9wYWdlIiwic2V0dGluZ3MiOnsicG9zdF9pZCI6IjQ5NjcifX0=@\u00a0\u00bb _builder_version=\u00a0\u00bb4.25.1&Prime; _dynamic_attributes=\u00a0\u00bburl\u00a0\u00bb _module_preset=\u00a0\u00bbdefault\u00a0\u00bb transform_scale=\u00a0\u00bb72%|72%\u00a0\u00bb max_width=\u00a0\u00bb73%\u00a0\u00bb module_alignment=\u00a0\u00bbcenter\u00a0\u00bb animation_style=\u00a0\u00bbzoom\u00a0\u00bb global_colors_info=\u00a0\u00bb{}\u00a0\u00bb][\/et_pb_image][et_pb_text _builder_version=\u00a0\u00bb4.25.1&Prime; _module_preset=\u00a0\u00bbdefault\u00a0\u00bb text_font_size=\u00a0\u00bb10px\u00a0\u00bb text_letter_spacing=\u00a0\u00bb6px\u00a0\u00bb global_colors_info=\u00a0\u00bb{}\u00a0\u00bb]<\/p>\n<p style=\"text-align: center;\"><span style=\"font-size: xx-large; color: #ffffff;\">LE MAG<\/span><\/p>\n<p>[\/et_pb_text][\/et_pb_column][\/et_pb_row][\/et_pb_section][et_pb_section fb_built=\u00a0\u00bb1&Prime; _builder_version=\u00a0\u00bb4.25.1&Prime; _module_preset=\u00a0\u00bbdefault\u00a0\u00bb global_colors_info=\u00a0\u00bb{}\u00a0\u00bb][et_pb_row _builder_version=\u00a0\u00bb4.25.1&Prime; _module_preset=\u00a0\u00bbdefault\u00a0\u00bb max_width=\u00a0\u00bb1280px\u00a0\u00bb min_height=\u00a0\u00bb112.1px\u00a0\u00bb custom_padding=\u00a0\u00bb||18px|||\u00a0\u00bb global_colors_info=\u00a0\u00bb{}\u00a0\u00bb][et_pb_column type=\u00a0\u00bb4_4&Prime; _builder_version=\u00a0\u00bb4.25.1&Prime; _module_preset=\u00a0\u00bbdefault\u00a0\u00bb global_colors_info=\u00a0\u00bb{}\u00a0\u00bb][et_pb_text admin_label=\u00a0\u00bbDiscover Beatuty Sub Title\u00a0\u00bb _builder_version=\u00a0\u00bb4.25.1&Prime; _module_preset=\u00a0\u00bbdefault\u00a0\u00bb text_font=\u00a0\u00bbRoboto||||\u00a0\u00bb text_text_color=\u00a0\u00bb#1a1a1a\u00a0\u00bb text_font_size=\u00a0\u00bb24px\u00a0\u00bb text_letter_spacing=\u00a0\u00bb2px\u00a0\u00bb text_line_height=\u00a0\u00bb1.4em\u00a0\u00bb custom_margin=\u00a0\u00bb||-18px|||\u00a0\u00bb custom_padding=\u00a0\u00bb||0px|||\u00a0\u00bb animation_style=\u00a0\u00bbslide\u00a0\u00bb animation_direction=\u00a0\u00bbtop\u00a0\u00bb animation_delay=\u00a0\u00bb100ms\u00a0\u00bb animation_intensity_slide=\u00a0\u00bb10%\u00a0\u00bb inline_fonts=\u00a0\u00bbMontserrat\u00a0\u00bb global_colors_info=\u00a0\u00bb{}\u00a0\u00bb]<\/p>\n<h1 style=\"text-align: center;\"><span style=\"font-family: Montserrat; font-size: xx-large;\">10 QUESTIONS <span>\u00c0<\/span> NALEDI KHAMA<\/span><\/h1>\n<h1 style=\"text-align: center;\"><span style=\"font-family: Montserrat; font-size: xx-large;\"><\/span>Activiste Botswanaise<br \/><span style=\"font-family: Montserrat; font-size: xx-large;\"><\/span><\/h1>\n<p style=\"text-align: center;\"><span style=\"font-family: Montserrat; font-size: xx-large;\"><\/span><\/p>\n<p>[\/et_pb_text][\/et_pb_column][\/et_pb_row][et_pb_row _builder_version=\u00a0\u00bb4.25.1&Prime; _module_preset=\u00a0\u00bbdefault\u00a0\u00bb max_width=\u00a0\u00bb1280px\u00a0\u00bb custom_margin=\u00a0\u00bb|auto|13px|auto||\u00a0\u00bb custom_padding=\u00a0\u00bb10px||0px|||\u00a0\u00bb global_colors_info=\u00a0\u00bb{}\u00a0\u00bb][et_pb_column type=\u00a0\u00bb4_4&Prime; _builder_version=\u00a0\u00bb4.25.1&Prime; _module_preset=\u00a0\u00bbdefault\u00a0\u00bb global_colors_info=\u00a0\u00bb{}\u00a0\u00bb][et_pb_text disabled_on=\u00a0\u00bbon|on|off%22%22&Prime; admin_label=\u00a0\u00bbDiscover Beatuty Text\u00a0\u00bb _builder_version=\u00a0\u00bb4.25.1&Prime; _module_preset=\u00a0\u00bbdefault\u00a0\u00bb text_font=\u00a0\u00bbRoboto||||\u00a0\u00bb text_font_size=\u00a0\u00bb16px\u00a0\u00bb text_line_height=\u00a0\u00bb1.9em\u00a0\u00bb min_height=\u00a0\u00bb69.7px\u00a0\u00bb custom_padding=\u00a0\u00bb0px||0px|||\u00a0\u00bb animation_style=\u00a0\u00bbslide\u00a0\u00bb animation_direction=\u00a0\u00bbtop\u00a0\u00bb animation_delay=\u00a0\u00bb300ms\u00a0\u00bb animation_intensity_slide=\u00a0\u00bb10%\u00a0\u00bb inline_fonts=\u00a0\u00bbMontserrat\u00a0\u00bb global_colors_info=\u00a0\u00bb{}\u00a0\u00bb]<\/p>\n<h1><\/h1>\n<p><span style=\"font-family: Montserrat; color: #666666;\">Naledi Khama est n\u00e9e en 1983 dans un petit village du district de Ngamiland, au nord du Botswana. Issue d&rsquo;une famille modeste, elle a \u00e9t\u00e9 t\u00e9moin d\u00e8s son plus jeune \u00e2ge des difficult\u00e9s rencontr\u00e9es par les femmes dans les zones rurales, ce qui a nourri sa passion pour l&rsquo;activisme. Apr\u00e8s avoir obtenu une bourse, elle a \u00e9tudi\u00e9 le droit \u00e0 l&rsquo;Universit\u00e9 du Botswana, o\u00f9 elle s&rsquo;est sp\u00e9cialis\u00e9e en droits de l&rsquo;homme. En 2010, elle a fond\u00e9 l&rsquo;organisation Bana ba Botswana, d\u00e9di\u00e9e \u00e0 la d\u00e9fense des droits des femmes et des filles. Gr\u00e2ce \u00e0 son travail acharn\u00e9, elle est devenue une figure de proue dans la lutte contre les violences faites aux femmes, et a jou\u00e9 un r\u00f4le cl\u00e9 dans l&rsquo;amendement de plusieurs lois en faveur de l&rsquo;\u00e9galit\u00e9 des sexes. Aujourd&rsquo;hui, Naledi est une leader respect\u00e9e, r\u00e9guli\u00e8rement invit\u00e9e \u00e0 parler lors de conf\u00e9rences internationales sur les droits des femmes. Mari\u00e9e et m\u00e8re de deux enfants, elle continue de mener son combat avec passion et d\u00e9termination..<\/span><\/p>\n<p>[\/et_pb_text][et_pb_toggle title=\u00a0\u00bb1- Pouvez-vous nous parler de ce qui vous a pouss\u00e9 \u00e0 vous engager dans la lutte pour les droits des femmes au Botswana ?\u00a0\u00bb open_toggle_text_color=\u00a0\u00bb#000000&Prime; open_toggle_background_color=\u00a0\u00bb#FFFFFF\u00a0\u00bb closed_toggle_background_color=\u00a0\u00bb#FFFFFF\u00a0\u00bb _builder_version=\u00a0\u00bb4.25.1&Prime; _module_preset=\u00a0\u00bbdefault\u00a0\u00bb title_text_color=\u00a0\u00bb#000000&Prime; title_font_size=\u00a0\u00bb18px\u00a0\u00bb body_text_color=\u00a0\u00bb#000000&Prime; body_font_size=\u00a0\u00bb16px\u00a0\u00bb border_radii=\u00a0\u00bbon|15px|15px|15px|15px\u00a0\u00bb global_colors_info=\u00a0\u00bb{}\u00a0\u00bb]<\/p>\n<p><span style=\"font-family: Montserrat; color: #666666;\">Je suis n\u00e9e et j&rsquo;ai grandi dans un village rural o\u00f9 les femmes \u00e9taient souvent marginalis\u00e9es. Voir ma m\u00e8re et mes tantes se battre pour des droits fondamentaux, comme l&rsquo;acc\u00e8s \u00e0 l&rsquo;\u00e9ducation et aux soins de sant\u00e9, a eu un impact profond sur moi. Ces exp\u00e9riences personnelles m&rsquo;ont motiv\u00e9e \u00e0 m&rsquo;engager pour que les femmes de mon pays aient une voix et des droits \u00e9gaux.<\/span><\/p>\n<p>[\/et_pb_toggle][et_pb_toggle title=\u00a0\u00bb2 &#8211; Quels sont les principaux d\u00e9fis auxquels les femmes du Botswana sont confront\u00e9es aujourd&rsquo;hui ?\u00a0\u00bb open_toggle_text_color=\u00a0\u00bb#000000&Prime; open_toggle_background_color=\u00a0\u00bb#FFFFFF\u00a0\u00bb closed_toggle_background_color=\u00a0\u00bb#FFFFFF\u00a0\u00bb _builder_version=\u00a0\u00bb4.25.1&Prime; _module_preset=\u00a0\u00bbdefault\u00a0\u00bb title_text_color=\u00a0\u00bb#000000&Prime; title_font_size=\u00a0\u00bb18px\u00a0\u00bb body_text_color=\u00a0\u00bb#000000&Prime; body_font_size=\u00a0\u00bb16px\u00a0\u00bb border_radii=\u00a0\u00bbon|15px|15px|15px|15px\u00a0\u00bb global_colors_info=\u00a0\u00bb{}\u00a0\u00bb]<\/p>\n<p><span style=\"font-family: Montserrat; color: #666666;\">Les femmes au Botswana font face \u00e0 plusieurs d\u00e9fis. L&rsquo;in\u00e9galit\u00e9 salariale, les violences domestiques, et l&rsquo;acc\u00e8s limit\u00e9 \u00e0 l&rsquo;\u00e9ducation, surtout dans les zones rurales, sont parmi les probl\u00e8mes les plus pressants. Bien que notre pays ait fait des progr\u00e8s, il reste encore beaucoup \u00e0 faire pour garantir que chaque femme, quel que soit son milieu, ait les m\u00eames opportunit\u00e9s que les hommes.<\/span><\/p>\n<p>[\/et_pb_toggle][et_pb_toggle title=\u00a0\u00bb3 &#8211; Vous avez r\u00e9cemment lanc\u00e9 une campagne nationale sur les droits des femmes. Quels sont les objectifs de cette initiative ?\u00a0\u00bb open_toggle_text_color=\u00a0\u00bb#000000&Prime; open_toggle_background_color=\u00a0\u00bb#FFFFFF\u00a0\u00bb closed_toggle_background_color=\u00a0\u00bb#FFFFFF\u00a0\u00bb _builder_version=\u00a0\u00bb4.25.1&Prime; _module_preset=\u00a0\u00bbdefault\u00a0\u00bb title_text_color=\u00a0\u00bb#000000&Prime; title_font_size=\u00a0\u00bb18px\u00a0\u00bb body_text_color=\u00a0\u00bb#000000&Prime; body_font_size=\u00a0\u00bb16px\u00a0\u00bb border_radii=\u00a0\u00bbon|15px|15px|15px|15px\u00a0\u00bb global_colors_info=\u00a0\u00bb{}\u00a0\u00bb]<\/p>\n<p><span style=\"font-family: Montserrat; color: #666666;\">Notre campagne, appel\u00e9e \u00ab\u00a0Bana ba Botswana\u00a0\u00bb (Les enfants du Botswana), vise \u00e0 sensibiliser les communaut\u00e9s sur l&rsquo;importance de l&rsquo;\u00e9galit\u00e9 des sexes. Nous souhaitons \u00e9galement renforcer les lois contre les violences faites aux femmes et promouvoir l&rsquo;\u00e9ducation des jeunes filles. Le but ultime est de cr\u00e9er un environnement o\u00f9 les femmes peuvent s&rsquo;\u00e9panouir sans crainte ni discrimination.<\/span><\/p>\n<p>[\/et_pb_toggle][et_pb_toggle title=\u00a0\u00bb4 &#8211; Comment votre campagne a-t-elle \u00e9t\u00e9 accueillie par le gouvernement et la soci\u00e9t\u00e9 civile ?\u00a0\u00bb open_toggle_text_color=\u00a0\u00bb#000000&Prime; open_toggle_background_color=\u00a0\u00bb#FFFFFF\u00a0\u00bb closed_toggle_background_color=\u00a0\u00bb#FFFFFF\u00a0\u00bb _builder_version=\u00a0\u00bb4.25.1&Prime; _module_preset=\u00a0\u00bbdefault\u00a0\u00bb title_text_color=\u00a0\u00bb#000000&Prime; title_font_size=\u00a0\u00bb18px\u00a0\u00bb body_text_color=\u00a0\u00bb#000000&Prime; body_font_size=\u00a0\u00bb16px\u00a0\u00bb border_radii=\u00a0\u00bbon|15px|15px|15px|15px\u00a0\u00bb global_colors_info=\u00a0\u00bb{}\u00a0\u00bb]<\/p>\n<p><span style=\"font-family: Montserrat; color: #666666;\">Heureusement, nous avons re\u00e7u un soutien consid\u00e9rable de la part de plusieurs secteurs. Le gouvernement a montr\u00e9 une volont\u00e9 de collaborer, et de nombreuses organisations de la soci\u00e9t\u00e9 civile se sont jointes \u00e0 nous. Cependant, il y a aussi eu des r\u00e9sistances, surtout de la part de ceux qui craignent que l&rsquo;\u00e9galit\u00e9 des sexes menace les traditions. Mais nous restons d\u00e9termin\u00e9es \u00e0 avancer.<\/span><\/p>\n<p>[\/et_pb_toggle][et_pb_toggle title=\u00a0\u00bb5 &#8211; Quel r\u00f4le joue l&rsquo;\u00e9ducation dans votre lutte pour les droits des femmes ?\u00a0\u00bb open_toggle_text_color=\u00a0\u00bb#000000&Prime; open_toggle_background_color=\u00a0\u00bb#FFFFFF\u00a0\u00bb closed_toggle_background_color=\u00a0\u00bb#FFFFFF\u00a0\u00bb _builder_version=\u00a0\u00bb4.25.1&Prime; _module_preset=\u00a0\u00bbdefault\u00a0\u00bb title_text_color=\u00a0\u00bb#000000&Prime; title_font_size=\u00a0\u00bb18px\u00a0\u00bb body_text_color=\u00a0\u00bb#000000&Prime; body_font_size=\u00a0\u00bb16px\u00a0\u00bb border_radii=\u00a0\u00bbon|15px|15px|15px|15px\u00a0\u00bb global_colors_info=\u00a0\u00bb{}\u00a0\u00bb]<\/p>\n<p><span style=\"font-family: Montserrat; color: #666666;\">L&rsquo;\u00e9ducation est cruciale. Une femme instruite est mieux \u00e9quip\u00e9e pour d\u00e9fendre ses droits et pour contribuer au d\u00e9veloppement de sa communaut\u00e9. C&rsquo;est pourquoi nous travaillons sans rel\u00e2che pour assurer que toutes les filles aient acc\u00e8s \u00e0 une \u00e9ducation de qualit\u00e9. Nous croyons que c&rsquo;est la cl\u00e9 pour briser le cycle de la pauvret\u00e9 et de l&rsquo;oppression.<\/span><\/p>\n<p>[\/et_pb_toggle][et_pb_toggle title=\u00a0\u00bb6 &#8211; Quelles sont les strat\u00e9gies que vous utilisez pour sensibiliser les hommes \u00e0 la cause des femmes ?\u00a0\u00bb open_toggle_text_color=\u00a0\u00bb#000000&Prime; open_toggle_background_color=\u00a0\u00bb#FFFFFF\u00a0\u00bb closed_toggle_background_color=\u00a0\u00bb#FFFFFF\u00a0\u00bb _builder_version=\u00a0\u00bb4.25.1&Prime; _module_preset=\u00a0\u00bbdefault\u00a0\u00bb title_text_color=\u00a0\u00bb#000000&Prime; title_font_size=\u00a0\u00bb18px\u00a0\u00bb body_text_color=\u00a0\u00bb#000000&Prime; body_font_size=\u00a0\u00bb16px\u00a0\u00bb border_radii=\u00a0\u00bbon|15px|15px|15px|15px\u00a0\u00bb global_colors_info=\u00a0\u00bb{}\u00a0\u00bb]<\/p>\n<p><span style=\"font-family: Montserrat; color: #666666;\">L&rsquo;inclusion des hommes dans cette lutte est essentielle. Nous avons lanc\u00e9 des programmes de sensibilisation qui ciblent les jeunes hommes et les chefs de communaut\u00e9. En les engageant comme alli\u00e9s, nous esp\u00e9rons d\u00e9construire les st\u00e9r\u00e9otypes de genre et promouvoir un changement de mentalit\u00e9 \u00e0 long terme. Le dialogue est la premi\u00e8re \u00e9tape vers une compr\u00e9hension mutuelle.<\/span><\/p>\n<p>[\/et_pb_toggle][et_pb_toggle title=\u00a0\u00bb7 &#8211; Avez-vous rencontr\u00e9 des obstacles personnels en tant que femme engag\u00e9e dans cette lutte ?\u00a0\u00bb open_toggle_text_color=\u00a0\u00bb#000000&Prime; open_toggle_background_color=\u00a0\u00bb#FFFFFF\u00a0\u00bb closed_toggle_background_color=\u00a0\u00bb#FFFFFF\u00a0\u00bb _builder_version=\u00a0\u00bb4.25.1&Prime; _module_preset=\u00a0\u00bbdefault\u00a0\u00bb title_text_color=\u00a0\u00bb#000000&Prime; title_font_size=\u00a0\u00bb18px\u00a0\u00bb body_text_color=\u00a0\u00bb#000000&Prime; body_font_size=\u00a0\u00bb16px\u00a0\u00bb border_radii=\u00a0\u00bbon|15px|15px|15px|15px\u00a0\u00bb global_colors_info=\u00a0\u00bb{}\u00a0\u00bb]<\/p>\n<p><span style=\"font-family: Montserrat; color: #666666;\">Absolument. En tant que femme et leader, j&rsquo;ai souvent \u00e9t\u00e9 confront\u00e9e \u00e0 des d\u00e9fis uniques, allant des attaques personnelles aux menaces. Certains pensent que les femmes ne devraient pas \u00eatre \u00e0 la t\u00eate de tels mouvements, mais je suis convaincue que ces d\u00e9fis ne font que renforcer ma d\u00e9termination. Je sais pour quoi je me bats et je refuse de laisser ces obstacles me d\u00e9courager.<\/span><\/p>\n<p>[\/et_pb_toggle][et_pb_toggle title=\u00a0\u00bb8 &#8211; Quels sont les succ\u00e8s dont vous \u00eates le plus fi\u00e8re jusqu&rsquo;\u00e0 pr\u00e9sent ?\u00a0\u00bb open_toggle_text_color=\u00a0\u00bb#000000&Prime; open_toggle_background_color=\u00a0\u00bb#FFFFFF\u00a0\u00bb closed_toggle_background_color=\u00a0\u00bb#FFFFFF\u00a0\u00bb _builder_version=\u00a0\u00bb4.25.1&Prime; _module_preset=\u00a0\u00bbdefault\u00a0\u00bb title_text_color=\u00a0\u00bb#000000&Prime; title_font_size=\u00a0\u00bb18px\u00a0\u00bb body_text_color=\u00a0\u00bb#000000&Prime; body_font_size=\u00a0\u00bb16px\u00a0\u00bb border_radii=\u00a0\u00bbon|15px|15px|15px|15px\u00a0\u00bb global_colors_info=\u00a0\u00bb{}\u00a0\u00bb]<\/p>\n<p><span style=\"font-family: Montserrat; color: #666666;\">L&rsquo;un de mes plus grands succ\u00e8s est d&rsquo;avoir aid\u00e9 \u00e0 la cr\u00e9ation de plusieurs centres de soutien pour les victimes de violence domestique \u00e0 travers le pays. Ces centres offrent non seulement un refuge, mais aussi des services juridi<br \/>ques et psychologiques pour aider les femmes \u00e0 reconstruire leur vie. Je suis \u00e9galement fi\u00e8re d&rsquo;avoir contribu\u00e9 \u00e0 l&rsquo;amendement de certaines lois sur les droits des femmes, qui ont maintenant une port\u00e9e plus large et plus protectrice.<\/span><\/p>\n<p>[\/et_pb_toggle][et_pb_toggle title=\u00a0\u00bb10 &#8211; Pour conclure, quel message aimeriez-vous transmettre aux jeunes filles qui vous regardent comme un mod\u00e8le ?\u00a0\u00bb open_toggle_text_color=\u00a0\u00bb#000000&Prime; open_toggle_background_color=\u00a0\u00bb#FFFFFF\u00a0\u00bb closed_toggle_background_color=\u00a0\u00bb#FFFFFF\u00a0\u00bb _builder_version=\u00a0\u00bb4.25.1&Prime; _module_preset=\u00a0\u00bbdefault\u00a0\u00bb title_text_color=\u00a0\u00bb#000000&Prime; title_font_size=\u00a0\u00bb18px\u00a0\u00bb body_text_color=\u00a0\u00bb#000000&Prime; body_font_size=\u00a0\u00bb16px\u00a0\u00bb border_radii=\u00a0\u00bbon|15px|15px|15px|15px\u00a0\u00bb global_colors_info=\u00a0\u00bb{}\u00a0\u00bb]<\/p>\n<p><span style=\"font-family: Montserrat; color: #666666;\">Mon message est simple : ne laissez jamais personne vous dire que vous ne pouvez pas r\u00e9aliser vos r\u00eaves. Croyez en vous, poursuivez vos \u00e9tudes, et n&rsquo;ayez pas peur de faire entendre votre voix. Les obstacles feront partie du chemin, mais avec d\u00e9termination et courage, vous pouvez surmonter n&rsquo;importe quel d\u00e9fi. Vous avez le pouvoir de changer votre vie et celle des autres.<\/span><\/p>\n<p>[\/et_pb_toggle][\/et_pb_column][\/et_pb_row][\/et_pb_section][et_pb_section fb_built=\u00a0\u00bb1&Prime; fullwidth=\u00a0\u00bbon\u00a0\u00bb _builder_version=\u00a0\u00bb4.25.1&Prime; _module_preset=\u00a0\u00bbdefault\u00a0\u00bb background_image=\u00a0\u00bbhttps:\/\/alexandre-dallant.com\/wp-content\/uploads\/2024\/08\/AdobeStock_567091082.jpeg\u00a0\u00bb parallax=\u00a0\u00bbon\u00a0\u00bb global_colors_info=\u00a0\u00bb{}\u00a0\u00bb][et_pb_fullwidth_image title_text=\u00a0\u00bbIn the dugout canoe through the Okavango Delta, Botswana\u00a0\u00bb _builder_version=\u00a0\u00bb4.25.1&Prime; _module_preset=\u00a0\u00bbdefault\u00a0\u00bb min_height=\u00a0\u00bb679.4px\u00a0\u00bb custom_padding=\u00a0\u00bb70px||0px|||\u00a0\u00bb global_colors_info=\u00a0\u00bb{}\u00a0\u00bb][\/et_pb_fullwidth_image][\/et_pb_section][et_pb_section fb_built=\u00a0\u00bb1&Prime; disabled_on=\u00a0\u00bboff|off|off\u00a0\u00bb _builder_version=\u00a0\u00bb4.25.1&Prime; _module_preset=\u00a0\u00bbdefault\u00a0\u00bb custom_padding=\u00a0\u00bb12px||0px|||\u00a0\u00bb sticky_position=\u00a0\u00bbbottom\u00a0\u00bb global_colors_info=\u00a0\u00bb{}\u00a0\u00bb theme_builder_area=\u00a0\u00bbpost_content\u00a0\u00bb][et_pb_row _builder_version=\u00a0\u00bb4.25.1&Prime; _module_preset=\u00a0\u00bbdefault\u00a0\u00bb max_width=\u00a0\u00bb1280px\u00a0\u00bb min_height=\u00a0\u00bb65.1px\u00a0\u00bb custom_margin=\u00a0\u00bb-12px|auto||auto||\u00a0\u00bb custom_padding=\u00a0\u00bb22px||1px|||\u00a0\u00bb global_colors_info=\u00a0\u00bb{}\u00a0\u00bb theme_builder_area=\u00a0\u00bbpost_content\u00a0\u00bb][et_pb_column type=\u00a0\u00bb4_4&Prime; _builder_version=\u00a0\u00bb4.25.1&Prime; _module_preset=\u00a0\u00bbdefault\u00a0\u00bb global_colors_info=\u00a0\u00bb{}\u00a0\u00bb theme_builder_area=\u00a0\u00bbpost_content\u00a0\u00bb][et_pb_text admin_label=\u00a0\u00bbDiscover Beatuty Sub Title\u00a0\u00bb _builder_version=\u00a0\u00bb4.25.1&Prime; _module_preset=\u00a0\u00bbdefault\u00a0\u00bb text_font=\u00a0\u00bbRoboto||||\u00a0\u00bb text_text_color=\u00a0\u00bb#1a1a1a\u00a0\u00bb text_font_size=\u00a0\u00bb24px\u00a0\u00bb text_letter_spacing=\u00a0\u00bb2px\u00a0\u00bb text_line_height=\u00a0\u00bb1.4em\u00a0\u00bb min_height=\u00a0\u00bb33px\u00a0\u00bb custom_margin=\u00a0\u00bb||-22px|||\u00a0\u00bb custom_padding=\u00a0\u00bb||0px|||\u00a0\u00bb animation_style=\u00a0\u00bbslide\u00a0\u00bb animation_direction=\u00a0\u00bbtop\u00a0\u00bb animation_delay=\u00a0\u00bb100ms\u00a0\u00bb animation_intensity_slide=\u00a0\u00bb10%\u00a0\u00bb inline_fonts=\u00a0\u00bbMontserrat\u00a0\u00bb global_colors_info=\u00a0\u00bb{}\u00a0\u00bb theme_builder_area=\u00a0\u00bbpost_content\u00a0\u00bb]<\/p>\n<h1 style=\"text-align: center;\"><span style=\"font-family: Montserrat; font-size: xx-large;\"><span style=\"font-size: x-large;\">Planifiez votre voyage au Botswana<\/span><br \/><\/span><\/h1>\n<p style=\"text-align: center;\"><span style=\"font-family: Montserrat; font-size: xx-large;\"><\/span><\/p>\n<p>[\/et_pb_text][\/et_pb_column][\/et_pb_row][et_pb_row _builder_version=\u00a0\u00bb4.25.1&Prime; _module_preset=\u00a0\u00bbdefault\u00a0\u00bb min_height=\u00a0\u00bb53.2px\u00a0\u00bb custom_padding=\u00a0\u00bb0px||2px|||\u00a0\u00bb global_colors_info=\u00a0\u00bb{}\u00a0\u00bb theme_builder_area=\u00a0\u00bbpost_content\u00a0\u00bb][et_pb_column type=\u00a0\u00bb4_4&Prime; _builder_version=\u00a0\u00bb4.25.1&Prime; _module_preset=\u00a0\u00bbdefault\u00a0\u00bb global_colors_info=\u00a0\u00bb{}\u00a0\u00bb theme_builder_area=\u00a0\u00bbpost_content\u00a0\u00bb][et_pb_button button_url=\u00a0\u00bb@ET-DC@eyJkeW5hbWljIjp0cnVlLCJjb250ZW50IjoicG9zdF9saW5rX3VybF9wYWdlIiwic2V0dGluZ3MiOnsicG9zdF9pZCI6IjU2NjUifX0=@\u00a0\u00bb button_text=\u00a0\u00bbCONTACTEZ NOS SP\u00c9CIALISTES\u00a0\u00bb button_alignment=\u00a0\u00bbcenter\u00a0\u00bb _builder_version=\u00a0\u00bb4.25.1&Prime; _dynamic_attributes=\u00a0\u00bbbutton_url\u00a0\u00bb _module_preset=\u00a0\u00bbdefault\u00a0\u00bb custom_button=\u00a0\u00bbon\u00a0\u00bb button_text_size=\u00a0\u00bb14px\u00a0\u00bb button_text_color=\u00a0\u00bb#000000&Prime; button_bg_color=\u00a0\u00bb#FFFFFF\u00a0\u00bb button_border_width=\u00a0\u00bb1px\u00a0\u00bb button_border_color=\u00a0\u00bb#000000&Prime; button_border_radius=\u00a0\u00bb6px\u00a0\u00bb button_font=\u00a0\u00bbMontserrat||||||||\u00a0\u00bb global_colors_info=\u00a0\u00bb{}\u00a0\u00bb theme_builder_area=\u00a0\u00bbpost_content\u00a0\u00bb][\/et_pb_button][\/et_pb_column][\/et_pb_row][\/et_pb_section]<\/p>\n","protected":false},"excerpt":{"rendered":"<p>LE MAG10 QUESTIONS \u00c0 NALEDI KHAMA Activiste Botswanaise Naledi Khama est n\u00e9e en 1983 dans un petit village du district de Ngamiland, au nord du Botswana. Issue d&rsquo;une famille modeste, elle a \u00e9t\u00e9 t\u00e9moin d\u00e8s son plus jeune \u00e2ge des difficult\u00e9s rencontr\u00e9es par les femmes dans les zones rurales, ce qui a nourri sa passion [&hellip;]<\/p>\n","protected":false},"author":1,"featured_media":0,"parent":0,"menu_order":0,"comment_status":"closed","ping_status":"closed","template":"","meta":{"_et_pb_use_builder":"on","_et_pb_old_content":"","_et_gb_content_width":"","footnotes":""},"class_list":["post-5574","page","type-page","status-publish","hentry"],"yoast_head":"<!-- This site is optimized with the Yoast SEO plugin v26.4 - https:\/\/yoast.com\/wordpress\/plugins\/seo\/ -->\n<title>Test Havas - femmes du monde - Alexandre dallant - Directeur Artistique<\/title>\n<meta name=\"robots\" content=\"index, follow, max-snippet:-1, max-image-preview:large, max-video-preview:-1\" \/>\n<link rel=\"canonical\" href=\"https:\/\/alexandre-dallant.com\/index.php\/test-havas-femmes-du-monde\/\" \/>\n<meta property=\"og:locale\" content=\"fr_FR\" \/>\n<meta property=\"og:type\" content=\"article\" \/>\n<meta property=\"og:title\" content=\"Test Havas - femmes du monde - Alexandre dallant - Directeur Artistique\" \/>\n<meta property=\"og:description\" content=\"LE MAG10 QUESTIONS \u00c0 NALEDI KHAMA Activiste Botswanaise Naledi Khama est n\u00e9e en 1983 dans un petit village du district de Ngamiland, au nord du Botswana. Issue d&#039;une famille modeste, elle a \u00e9t\u00e9 t\u00e9moin d\u00e8s son plus jeune \u00e2ge des difficult\u00e9s rencontr\u00e9es par les femmes dans les zones rurales, ce qui a nourri sa passion [&hellip;]\" \/>\n<meta property=\"og:url\" content=\"https:\/\/alexandre-dallant.com\/index.php\/test-havas-femmes-du-monde\/\" \/>\n<meta property=\"og:site_name\" content=\"Alexandre dallant - Directeur Artistique\" \/>\n<meta property=\"article:modified_time\" content=\"2024-11-26T10:25:05+00:00\" \/>\n<meta name=\"twitter:card\" content=\"summary_large_image\" \/>\n<script type=\"application\/ld+json\" class=\"yoast-schema-graph\">{\"@context\":\"https:\/\/schema.org\",\"@graph\":[{\"@type\":\"WebPage\",\"@id\":\"https:\/\/alexandre-dallant.com\/index.php\/test-havas-femmes-du-monde\/\",\"url\":\"https:\/\/alexandre-dallant.com\/index.php\/test-havas-femmes-du-monde\/\",\"name\":\"Test Havas - femmes du monde - Alexandre dallant - Directeur Artistique\",\"isPartOf\":{\"@id\":\"https:\/\/alexandre-dallant.com\/#website\"},\"datePublished\":\"2024-08-29T15:13:03+00:00\",\"dateModified\":\"2024-11-26T10:25:05+00:00\",\"breadcrumb\":{\"@id\":\"https:\/\/alexandre-dallant.com\/index.php\/test-havas-femmes-du-monde\/#breadcrumb\"},\"inLanguage\":\"fr-FR\",\"potentialAction\":[{\"@type\":\"ReadAction\",\"target\":[\"https:\/\/alexandre-dallant.com\/index.php\/test-havas-femmes-du-monde\/\"]}]},{\"@type\":\"BreadcrumbList\",\"@id\":\"https:\/\/alexandre-dallant.com\/index.php\/test-havas-femmes-du-monde\/#breadcrumb\",\"itemListElement\":[{\"@type\":\"ListItem\",\"position\":1,\"name\":\"Accueil\",\"item\":\"https:\/\/alexandre-dallant.com\/\"},{\"@type\":\"ListItem\",\"position\":2,\"name\":\"Test Havas &#8211; femmes du monde\"}]},{\"@type\":\"WebSite\",\"@id\":\"https:\/\/alexandre-dallant.com\/#website\",\"url\":\"https:\/\/alexandre-dallant.com\/\",\"name\":\"Alexandre dallant - Directeur Artistique\",\"description\":\"Directeur artistique depuis 30 ans | Vision cr\u00e9ative 360\u00b0 pour grandes marques | Expertise design, branding &amp; strat\u00e9gie visuelle | D\u00e9couvrez mon portfolio\",\"potentialAction\":[{\"@type\":\"SearchAction\",\"target\":{\"@type\":\"EntryPoint\",\"urlTemplate\":\"https:\/\/alexandre-dallant.com\/?s={search_term_string}\"},\"query-input\":{\"@type\":\"PropertyValueSpecification\",\"valueRequired\":true,\"valueName\":\"search_term_string\"}}],\"inLanguage\":\"fr-FR\"}]}<\/script>\n<!-- \/ Yoast SEO plugin. -->","yoast_head_json":{"title":"Test Havas - femmes du monde - Alexandre dallant - Directeur Artistique","robots":{"index":"index","follow":"follow","max-snippet":"max-snippet:-1","max-image-preview":"max-image-preview:large","max-video-preview":"max-video-preview:-1"},"canonical":"https:\/\/alexandre-dallant.com\/index.php\/test-havas-femmes-du-monde\/","og_locale":"fr_FR","og_type":"article","og_title":"Test Havas - femmes du monde - Alexandre dallant - Directeur Artistique","og_description":"LE MAG10 QUESTIONS \u00c0 NALEDI KHAMA Activiste Botswanaise Naledi Khama est n\u00e9e en 1983 dans un petit village du district de Ngamiland, au nord du Botswana. Issue d'une famille modeste, elle a \u00e9t\u00e9 t\u00e9moin d\u00e8s son plus jeune \u00e2ge des difficult\u00e9s rencontr\u00e9es par les femmes dans les zones rurales, ce qui a nourri sa passion [&hellip;]","og_url":"https:\/\/alexandre-dallant.com\/index.php\/test-havas-femmes-du-monde\/","og_site_name":"Alexandre dallant - Directeur Artistique","article_modified_time":"2024-11-26T10:25:05+00:00","twitter_card":"summary_large_image","schema":{"@context":"https:\/\/schema.org","@graph":[{"@type":"WebPage","@id":"https:\/\/alexandre-dallant.com\/index.php\/test-havas-femmes-du-monde\/","url":"https:\/\/alexandre-dallant.com\/index.php\/test-havas-femmes-du-monde\/","name":"Test Havas - femmes du monde - Alexandre dallant - Directeur Artistique","isPartOf":{"@id":"https:\/\/alexandre-dallant.com\/#website"},"datePublished":"2024-08-29T15:13:03+00:00","dateModified":"2024-11-26T10:25:05+00:00","breadcrumb":{"@id":"https:\/\/alexandre-dallant.com\/index.php\/test-havas-femmes-du-monde\/#breadcrumb"},"inLanguage":"fr-FR","potentialAction":[{"@type":"ReadAction","target":["https:\/\/alexandre-dallant.com\/index.php\/test-havas-femmes-du-monde\/"]}]},{"@type":"BreadcrumbList","@id":"https:\/\/alexandre-dallant.com\/index.php\/test-havas-femmes-du-monde\/#breadcrumb","itemListElement":[{"@type":"ListItem","position":1,"name":"Accueil","item":"https:\/\/alexandre-dallant.com\/"},{"@type":"ListItem","position":2,"name":"Test Havas &#8211; femmes du monde"}]},{"@type":"WebSite","@id":"https:\/\/alexandre-dallant.com\/#website","url":"https:\/\/alexandre-dallant.com\/","name":"Alexandre dallant - Directeur Artistique","description":"Directeur artistique depuis 30 ans | Vision cr\u00e9ative 360\u00b0 pour grandes marques | Expertise design, branding &amp; strat\u00e9gie visuelle | D\u00e9couvrez mon portfolio","potentialAction":[{"@type":"SearchAction","target":{"@type":"EntryPoint","urlTemplate":"https:\/\/alexandre-dallant.com\/?s={search_term_string}"},"query-input":{"@type":"PropertyValueSpecification","valueRequired":true,"valueName":"search_term_string"}}],"inLanguage":"fr-FR"}]}},"_links":{"self":[{"href":"https:\/\/alexandre-dallant.com\/index.php\/wp-json\/wp\/v2\/pages\/5574","targetHints":{"allow":["GET"]}}],"collection":[{"href":"https:\/\/alexandre-dallant.com\/index.php\/wp-json\/wp\/v2\/pages"}],"about":[{"href":"https:\/\/alexandre-dallant.com\/index.php\/wp-json\/wp\/v2\/types\/page"}],"author":[{"embeddable":true,"href":"https:\/\/alexandre-dallant.com\/index.php\/wp-json\/wp\/v2\/users\/1"}],"replies":[{"embeddable":true,"href":"https:\/\/alexandre-dallant.com\/index.php\/wp-json\/wp\/v2\/comments?post=5574"}],"version-history":[{"count":26,"href":"https:\/\/alexandre-dallant.com\/index.php\/wp-json\/wp\/v2\/pages\/5574\/revisions"}],"predecessor-version":[{"id":6451,"href":"https:\/\/alexandre-dallant.com\/index.php\/wp-json\/wp\/v2\/pages\/5574\/revisions\/6451"}],"wp:attachment":[{"href":"https:\/\/alexandre-dallant.com\/index.php\/wp-json\/wp\/v2\/media?parent=5574"}],"curies":[{"name":"wp","href":"https:\/\/api.w.org\/{rel}","templated":true}]}}