{"id":5622,"date":"2024-08-29T18:21:51","date_gmt":"2024-08-29T16:21:51","guid":{"rendered":"https:\/\/alexandre-dallant.com\/?page_id=5622"},"modified":"2025-03-25T18:10:28","modified_gmt":"2025-03-25T17:10:28","slug":"havas-test-oeil-sur","status":"publish","type":"page","link":"https:\/\/alexandre-dallant.com\/index.php\/havas-test-oeil-sur\/","title":{"rendered":"Havas-test-\u0153il-sur"},"content":{"rendered":"<p>[et_pb_section fb_built=\u00a0\u00bb1&Prime; _builder_version=\u00a0\u00bb4.25.1&Prime; _module_preset=\u00a0\u00bbdefault\u00a0\u00bb background_color=\u00a0\u00bb#e5e5e5&Prime; background_image=\u00a0\u00bbhttps:\/\/alexandre-dallant.com\/wp-content\/uploads\/2024\/08\/AdobeStock_500973848-scaled.jpeg\u00a0\u00bb background_enable_video_mp4=\u00a0\u00bboff\u00a0\u00bb min_height=\u00a0\u00bb380.4px\u00a0\u00bb custom_margin=\u00a0\u00bb||-3px|||\u00a0\u00bb custom_padding=\u00a0\u00bb114px||4px|||\u00a0\u00bb global_colors_info=\u00a0\u00bb{}\u00a0\u00bb][et_pb_row _builder_version=\u00a0\u00bb4.25.1&Prime; _module_preset=\u00a0\u00bbdefault\u00a0\u00bb min_height=\u00a0\u00bb94.1px\u00a0\u00bb global_colors_info=\u00a0\u00bb{}\u00a0\u00bb][et_pb_column type=\u00a0\u00bb4_4&Prime; _builder_version=\u00a0\u00bb4.25.1&Prime; _module_preset=\u00a0\u00bbdefault\u00a0\u00bb global_colors_info=\u00a0\u00bb{}\u00a0\u00bb][et_pb_image src=\u00a0\u00bbhttps:\/\/alexandre-dallant.com\/wp-content\/uploads\/2024\/05\/HV_logo_blanc.png\u00a0\u00bb title_text=\u00a0\u00bbHV_logo_blanc\u00a0\u00bb url=\u00a0\u00bb@ET-DC@eyJkeW5hbWljIjp0cnVlLCJjb250ZW50IjoicG9zdF9saW5rX3VybF9wYWdlIiwic2V0dGluZ3MiOnsicG9zdF9pZCI6IjQ5NjcifX0=@\u00a0\u00bb _builder_version=\u00a0\u00bb4.25.1&Prime; _dynamic_attributes=\u00a0\u00bburl\u00a0\u00bb _module_preset=\u00a0\u00bbdefault\u00a0\u00bb transform_scale=\u00a0\u00bb72%|72%\u00a0\u00bb max_width=\u00a0\u00bb73%\u00a0\u00bb module_alignment=\u00a0\u00bbcenter\u00a0\u00bb animation_style=\u00a0\u00bbzoom\u00a0\u00bb global_colors_info=\u00a0\u00bb{}\u00a0\u00bb][\/et_pb_image][et_pb_text _builder_version=\u00a0\u00bb4.25.1&Prime; _module_preset=\u00a0\u00bbdefault\u00a0\u00bb text_font_size=\u00a0\u00bb10px\u00a0\u00bb text_letter_spacing=\u00a0\u00bb6px\u00a0\u00bb global_colors_info=\u00a0\u00bb{}\u00a0\u00bb]<\/p>\n<p style=\"text-align: center;\"><span style=\"font-size: xx-large; color: #ffffff;\">LE MAG<\/span><\/p>\n<p>[\/et_pb_text][\/et_pb_column][\/et_pb_row][\/et_pb_section][et_pb_section fb_built=\u00a0\u00bb1&Prime; _builder_version=\u00a0\u00bb4.25.1&Prime; _module_preset=\u00a0\u00bbdefault\u00a0\u00bb global_colors_info=\u00a0\u00bb{}\u00a0\u00bb][et_pb_row _builder_version=\u00a0\u00bb4.25.1&Prime; _module_preset=\u00a0\u00bbdefault\u00a0\u00bb max_width=\u00a0\u00bb1280px\u00a0\u00bb min_height=\u00a0\u00bb112.1px\u00a0\u00bb custom_padding=\u00a0\u00bb||18px|||\u00a0\u00bb global_colors_info=\u00a0\u00bb{}\u00a0\u00bb][et_pb_column type=\u00a0\u00bb4_4&Prime; _builder_version=\u00a0\u00bb4.25.1&Prime; _module_preset=\u00a0\u00bbdefault\u00a0\u00bb global_colors_info=\u00a0\u00bb{}\u00a0\u00bb][et_pb_text admin_label=\u00a0\u00bbDiscover Beatuty Sub Title\u00a0\u00bb _builder_version=\u00a0\u00bb4.25.1&Prime; _module_preset=\u00a0\u00bbdefault\u00a0\u00bb text_font=\u00a0\u00bbRoboto||||\u00a0\u00bb text_text_color=\u00a0\u00bb#1a1a1a\u00a0\u00bb text_font_size=\u00a0\u00bb24px\u00a0\u00bb text_letter_spacing=\u00a0\u00bb2px\u00a0\u00bb text_line_height=\u00a0\u00bb1.4em\u00a0\u00bb custom_margin=\u00a0\u00bb||-18px|||\u00a0\u00bb custom_padding=\u00a0\u00bb||0px|||\u00a0\u00bb animation_style=\u00a0\u00bbslide\u00a0\u00bb animation_direction=\u00a0\u00bbtop\u00a0\u00bb animation_delay=\u00a0\u00bb100ms\u00a0\u00bb animation_intensity_slide=\u00a0\u00bb10%\u00a0\u00bb inline_fonts=\u00a0\u00bbMontserrat\u00a0\u00bb global_colors_info=\u00a0\u00bb{}\u00a0\u00bb]<\/p>\n<h1 style=\"text-align: center;\"><span style=\"font-family: Montserrat; font-size: xx-large;\">L&rsquo;\u0152IL DE<\/span><\/h1>\n<h1 style=\"text-align: center;\"><span style=\"font-family: Montserrat; font-size: xx-large;\"><\/span>Lucien Noir, grand reporter voyage<br \/><span style=\"font-family: Montserrat; font-size: xx-large;\"><\/span><\/h1>\n<p style=\"text-align: center;\"><span style=\"font-family: Montserrat; font-size: xx-large;\"><\/span><\/p>\n<p>[\/et_pb_text][\/et_pb_column][\/et_pb_row][et_pb_row _builder_version=\u00a0\u00bb4.25.1&Prime; _module_preset=\u00a0\u00bbdefault\u00a0\u00bb max_width=\u00a0\u00bb2560px\u00a0\u00bb max_width_tablet=\u00a0\u00bb800%\u00a0\u00bb max_width_phone=\u00a0\u00bb800%\u00a0\u00bb max_width_last_edited=\u00a0\u00bbon|tablet\u00a0\u00bb custom_margin=\u00a0\u00bb|auto|13px|auto||\u00a0\u00bb custom_padding=\u00a0\u00bb10px||0px|||\u00a0\u00bb global_colors_info=\u00a0\u00bb{}\u00a0\u00bb][et_pb_column type=\u00a0\u00bb4_4&Prime; _builder_version=\u00a0\u00bb4.25.1&Prime; _module_preset=\u00a0\u00bbdefault\u00a0\u00bb global_colors_info=\u00a0\u00bb{}\u00a0\u00bb][et_pb_text disabled_on=\u00a0\u00bbon|on|off%22%22&Prime; admin_label=\u00a0\u00bbDiscover Beatuty Text\u00a0\u00bb _builder_version=\u00a0\u00bb4.25.1&Prime; _module_preset=\u00a0\u00bbdefault\u00a0\u00bb text_font=\u00a0\u00bbRoboto||||\u00a0\u00bb text_font_size=\u00a0\u00bb16px\u00a0\u00bb text_line_height=\u00a0\u00bb1.9em\u00a0\u00bb min_height=\u00a0\u00bb69.7px\u00a0\u00bb min_height_tablet=\u00a0\u00bb69.7px\u00a0\u00bb min_height_phone=\u00a0\u00bb69.7px\u00a0\u00bb min_height_last_edited=\u00a0\u00bbon|desktop\u00a0\u00bb custom_padding=\u00a0\u00bb0px||0px|||\u00a0\u00bb animation_style=\u00a0\u00bbslide\u00a0\u00bb animation_direction=\u00a0\u00bbtop\u00a0\u00bb animation_delay=\u00a0\u00bb300ms\u00a0\u00bb animation_intensity_slide=\u00a0\u00bb10%\u00a0\u00bb inline_fonts=\u00a0\u00bbMontserrat\u00a0\u00bb global_colors_info=\u00a0\u00bb{}\u00a0\u00bb]<\/p>\n<h1><\/h1>\n<p><span style=\"font-family: Montserrat; color: #666666;\">Lucien Noir, n\u00e9 \u00e0 Lyon en 1978, est un photographe fran\u00e7ais dont la ma\u00eetrise du noir et blanc l\u2019a propuls\u00e9 sur la sc\u00e8ne internationale. Fascin\u00e9 par la lumi\u00e8re d\u00e8s son plus jeune \u00e2ge, Lucien a commenc\u00e9 \u00e0 explorer la photographie \u00e0 l&rsquo;adolescence, arm\u00e9 d&rsquo;un appareil photo argentique h\u00e9rit\u00e9 de son grand-p\u00e8re. Cette fascination l&rsquo;a men\u00e9 \u00e0 \u00e9tudier \u00e0 l\u2019\u00c9cole Nationale Sup\u00e9rieure de la Photographie d&rsquo;Arles, o\u00f9 il a perfectionn\u00e9 son art du contraste et du clair-obscur.<br \/>Inspir\u00e9 par les grands ma\u00eetres du noir et blanc, tels que Ansel Adams et Henri Cartier-Bresson, Lucien a d\u00e9velopp\u00e9 un style unique qui joue sur les ombres profondes et les lumi\u00e8res \u00e9clatantes, capturant l\u2019essence des sujets avec une pr\u00e9cision quasi chirurgicale. Ses photographies sont souvent d\u00e9crites comme \u00ab\u00a0po\u00e9tiques\u00a0\u00bb et \u00ab\u00a0intemporelles\u00a0\u00bb, chaque clich\u00e9 r\u00e9v\u00e9lant une histoire complexe qui se cache derri\u00e8re les \u00e9l\u00e9ments les plus simples.<br \/>Apr\u00e8s avoir travaill\u00e9 pour plusieurs magazines prestigieux, notamment \u00ab\u00a0Le Monde\u00a0\u00bb et \u00ab\u00a0National Geographic\u00a0\u00bb, Lucien a d\u00e9cid\u00e9 de se consacrer enti\u00e8rement \u00e0 ses projets personnels. En 2010, il a publi\u00e9 son premier recueil, \u00ab\u00a0Ombres \u00c9ternelles\u00a0\u00bb, une collection de photographies prises \u00e0 travers le monde, de Paris \u00e0 Tokyo, en passant par les \u00e9tendues d\u00e9sertiques du Sahara. Ce recueil a \u00e9t\u00e9 salu\u00e9 par la critique pour sa capacit\u00e9 \u00e0 capturer l&rsquo;\u00e9motion brute et l&rsquo;humanit\u00e9 dans des environnements vari\u00e9s.<\/span><\/p>\n<p>[\/et_pb_text][\/et_pb_column][\/et_pb_row][et_pb_row _builder_version=\u00a0\u00bb4.25.1&Prime; _module_preset=\u00a0\u00bbdefault\u00a0\u00bb width=\u00a0\u00bb100%\u00a0\u00bb max_width=\u00a0\u00bb1280px\u00a0\u00bb min_height_tablet=\u00a0\u00bb\u00a0\u00bb min_height_phone=\u00a0\u00bb\u00a0\u00bb min_height_last_edited=\u00a0\u00bbon|desktop\u00a0\u00bb global_colors_info=\u00a0\u00bb{}\u00a0\u00bb][et_pb_column type=\u00a0\u00bb4_4&Prime; _builder_version=\u00a0\u00bb4.25.1&Prime; _module_preset=\u00a0\u00bbdefault\u00a0\u00bb global_colors_info=\u00a0\u00bb{}\u00a0\u00bb][et_pb_gallery gallery_ids=\u00a0\u00bb5134,5133,5228,5254,5253&Prime; gallery_orderby=\u00a0\u00bbrand\u00a0\u00bb show_title_and_caption=\u00a0\u00bboff\u00a0\u00bb show_pagination=\u00a0\u00bboff\u00a0\u00bb _builder_version=\u00a0\u00bb4.25.1&Prime; _module_preset=\u00a0\u00bbdefault\u00a0\u00bb global_colors_info=\u00a0\u00bb{}\u00a0\u00bb][\/et_pb_gallery][\/et_pb_column][\/et_pb_row][\/et_pb_section][et_pb_section fb_built=\u00a0\u00bb1&Prime; fullwidth=\u00a0\u00bbon\u00a0\u00bb _builder_version=\u00a0\u00bb4.25.1&Prime; _module_preset=\u00a0\u00bbdefault\u00a0\u00bb background_image=\u00a0\u00bbhttps:\/\/alexandre-dallant.com\/wp-content\/uploads\/2024\/08\/AdobeStock_104179678-scaled.jpeg\u00a0\u00bb parallax=\u00a0\u00bbon\u00a0\u00bb global_colors_info=\u00a0\u00bb{}\u00a0\u00bb][et_pb_fullwidth_image title_text=\u00a0\u00bbIn the dugout canoe through the Okavango Delta, Botswana\u00a0\u00bb _builder_version=\u00a0\u00bb4.25.1&Prime; _module_preset=\u00a0\u00bbdefault\u00a0\u00bb min_height=\u00a0\u00bb679.4px\u00a0\u00bb custom_padding=\u00a0\u00bb70px||0px|||\u00a0\u00bb global_colors_info=\u00a0\u00bb{}\u00a0\u00bb][\/et_pb_fullwidth_image][\/et_pb_section][et_pb_section fb_built=\u00a0\u00bb1&Prime; _builder_version=\u00a0\u00bb4.25.1&Prime; _module_preset=\u00a0\u00bbdefault\u00a0\u00bb global_colors_info=\u00a0\u00bb{}\u00a0\u00bb][et_pb_row _builder_version=\u00a0\u00bb4.25.1&Prime; _module_preset=\u00a0\u00bbdefault\u00a0\u00bb max_width=\u00a0\u00bb1280px\u00a0\u00bb min_height=\u00a0\u00bb112.1px\u00a0\u00bb custom_padding=\u00a0\u00bb||18px|||\u00a0\u00bb global_colors_info=\u00a0\u00bb{}\u00a0\u00bb][et_pb_column type=\u00a0\u00bb4_4&Prime; _builder_version=\u00a0\u00bb4.25.1&Prime; _module_preset=\u00a0\u00bbdefault\u00a0\u00bb global_colors_info=\u00a0\u00bb{}\u00a0\u00bb][et_pb_text admin_label=\u00a0\u00bbDiscover Beatuty Sub Title\u00a0\u00bb _builder_version=\u00a0\u00bb4.25.1&Prime; _module_preset=\u00a0\u00bbdefault\u00a0\u00bb text_font=\u00a0\u00bbRoboto||||\u00a0\u00bb text_text_color=\u00a0\u00bb#1a1a1a\u00a0\u00bb text_font_size=\u00a0\u00bb24px\u00a0\u00bb text_letter_spacing=\u00a0\u00bb2px\u00a0\u00bb text_line_height=\u00a0\u00bb1.4em\u00a0\u00bb custom_margin=\u00a0\u00bb||-18px|||\u00a0\u00bb custom_padding=\u00a0\u00bb||0px|||\u00a0\u00bb animation_style=\u00a0\u00bbslide\u00a0\u00bb animation_direction=\u00a0\u00bbtop\u00a0\u00bb animation_delay=\u00a0\u00bb100ms\u00a0\u00bb animation_intensity_slide=\u00a0\u00bb10%\u00a0\u00bb inline_fonts=\u00a0\u00bbMontserrat\u00a0\u00bb global_colors_info=\u00a0\u00bb{}\u00a0\u00bb]<\/p>\n<h1 style=\"text-align: center;\"><span style=\"font-family: Montserrat; font-size: xx-large;\">EXPOSITIONS MARQUANTES &amp; PUBLICATIONS<\/span><span style=\"font-family: Montserrat; font-size: xx-large;\"><\/span><\/h1>\n<p style=\"text-align: center;\"><span style=\"font-family: Montserrat; font-size: xx-large;\"><\/span><\/p>\n<p>[\/et_pb_text][\/et_pb_column][\/et_pb_row][et_pb_row column_structure=\u00a0\u00bb1_2,1_2&Prime; _builder_version=\u00a0\u00bb4.25.1&Prime; _module_preset=\u00a0\u00bbdefault\u00a0\u00bb max_width=\u00a0\u00bb1280px\u00a0\u00bb custom_margin=\u00a0\u00bb|auto|13px|auto||\u00a0\u00bb custom_padding=\u00a0\u00bb10px||0px|||\u00a0\u00bb global_colors_info=\u00a0\u00bb{}\u00a0\u00bb][et_pb_column type=\u00a0\u00bb1_2&Prime; _builder_version=\u00a0\u00bb4.25.1&Prime; _module_preset=\u00a0\u00bbdefault\u00a0\u00bb global_colors_info=\u00a0\u00bb{}\u00a0\u00bb][et_pb_text disabled_on=\u00a0\u00bbon|on|off%22%22&Prime; admin_label=\u00a0\u00bbDiscover Beatuty Text\u00a0\u00bb _builder_version=\u00a0\u00bb4.25.1&Prime; _module_preset=\u00a0\u00bbdefault\u00a0\u00bb text_font=\u00a0\u00bbRoboto||||\u00a0\u00bb text_font_size=\u00a0\u00bb16px\u00a0\u00bb text_line_height=\u00a0\u00bb1.9em\u00a0\u00bb min_height=\u00a0\u00bb69.7px\u00a0\u00bb custom_padding=\u00a0\u00bb0px||0px|||\u00a0\u00bb animation_style=\u00a0\u00bbslide\u00a0\u00bb animation_direction=\u00a0\u00bbtop\u00a0\u00bb animation_delay=\u00a0\u00bb300ms\u00a0\u00bb animation_intensity_slide=\u00a0\u00bb10%\u00a0\u00bb inline_fonts=\u00a0\u00bbMontserrat\u00a0\u00bb global_colors_info=\u00a0\u00bb{}\u00a0\u00bb]<\/p>\n<div>\u2022<span> <\/span>2012 : \u00ab\u00a0Lumi\u00e8res et Ombres\u00a0\u00bb, MoMA, New York<\/div>\n<div><span> \u2022 2015 : \u00ab\u00a0Le Silence des Villes\u00a0\u00bb, Tate Modern, Londres<\/span><\/div>\n<div><span> \u2022 2018 : \u00ab\u00a0Visages Cach\u00e9s\u00a0\u00bb, Centre Pompidou, Paris<\/span><\/div>\n<div><span> \u2022 2021 : \u00ab\u00a0Noir et Blanc : L&rsquo;Essence du R\u00e9el\u00a0\u00bb, Leica Gallery, Berlin<\/span><span><\/span><\/div>\n<p>[\/et_pb_text][\/et_pb_column][et_pb_column type=\u00a0\u00bb1_2&Prime; _builder_version=\u00a0\u00bb4.25.1&Prime; _module_preset=\u00a0\u00bbdefault\u00a0\u00bb global_colors_info=\u00a0\u00bb{}\u00a0\u00bb][et_pb_text disabled_on=\u00a0\u00bbon|on|off%22%22&Prime; admin_label=\u00a0\u00bbDiscover Beatuty Text\u00a0\u00bb _builder_version=\u00a0\u00bb4.25.1&Prime; _module_preset=\u00a0\u00bbdefault\u00a0\u00bb text_font=\u00a0\u00bbRoboto||||\u00a0\u00bb text_font_size=\u00a0\u00bb16px\u00a0\u00bb text_line_height=\u00a0\u00bb1.9em\u00a0\u00bb min_height=\u00a0\u00bb69.7px\u00a0\u00bb custom_padding=\u00a0\u00bb0px||0px|||\u00a0\u00bb animation_style=\u00a0\u00bbslide\u00a0\u00bb animation_direction=\u00a0\u00bbtop\u00a0\u00bb animation_delay=\u00a0\u00bb300ms\u00a0\u00bb animation_intensity_slide=\u00a0\u00bb10%\u00a0\u00bb inline_fonts=\u00a0\u00bbMontserrat\u00a0\u00bb global_colors_info=\u00a0\u00bb{}\u00a0\u00bb]<\/p>\n<div><\/div>\n<div>Publications :<\/div>\n<div><span> \u2022 \u00ab\u00a0Ombres \u00c9ternelles\u00a0\u00bb (2010)<\/span><\/div>\n<div><span> \u2022 \u00ab\u00a0Silhouettes Urbaines\u00a0\u00bb (2013)<\/span><\/div>\n<div><span> \u2022 \u00ab\u00a0L\u2019\u00c2me des Choses\u00a0\u00bb (2016)<\/span><\/div>\n<p>[\/et_pb_text][\/et_pb_column][\/et_pb_row][\/et_pb_section][et_pb_section fb_built=\u00a0\u00bb1&Prime; _builder_version=\u00a0\u00bb4.25.1&Prime; _module_preset=\u00a0\u00bbdefault\u00a0\u00bb global_colors_info=\u00a0\u00bb{}\u00a0\u00bb][et_pb_row _builder_version=\u00a0\u00bb4.25.1&Prime; _module_preset=\u00a0\u00bbdefault\u00a0\u00bb max_width=\u00a0\u00bb1280px\u00a0\u00bb min_height=\u00a0\u00bb65.1px\u00a0\u00bb custom_padding=\u00a0\u00bb||1px|||\u00a0\u00bb global_colors_info=\u00a0\u00bb{}\u00a0\u00bb][et_pb_column type=\u00a0\u00bb4_4&Prime; _builder_version=\u00a0\u00bb4.25.1&Prime; _module_preset=\u00a0\u00bbdefault\u00a0\u00bb global_colors_info=\u00a0\u00bb{}\u00a0\u00bb][et_pb_text admin_label=\u00a0\u00bbDiscover Beatuty Sub Title\u00a0\u00bb _builder_version=\u00a0\u00bb4.25.1&Prime; _module_preset=\u00a0\u00bbdefault\u00a0\u00bb text_font=\u00a0\u00bbRoboto||||\u00a0\u00bb text_text_color=\u00a0\u00bb#1a1a1a\u00a0\u00bb text_font_size=\u00a0\u00bb24px\u00a0\u00bb text_letter_spacing=\u00a0\u00bb2px\u00a0\u00bb text_line_height=\u00a0\u00bb1.4em\u00a0\u00bb min_height=\u00a0\u00bb33px\u00a0\u00bb custom_margin=\u00a0\u00bb||-18px|||\u00a0\u00bb custom_padding=\u00a0\u00bb||0px|||\u00a0\u00bb animation_style=\u00a0\u00bbslide\u00a0\u00bb animation_direction=\u00a0\u00bbtop\u00a0\u00bb animation_delay=\u00a0\u00bb100ms\u00a0\u00bb animation_intensity_slide=\u00a0\u00bb10%\u00a0\u00bb inline_fonts=\u00a0\u00bbMontserrat\u00a0\u00bb global_colors_info=\u00a0\u00bb{}\u00a0\u00bb]<\/p>\n<h1 style=\"text-align: center;\"><span style=\"font-family: Montserrat; font-size: xx-large;\">Planifiez votre voyage !<br \/><\/span><\/h1>\n<p style=\"text-align: center;\"><span style=\"font-family: Montserrat; font-size: xx-large;\"><\/span><\/p>\n<p>[\/et_pb_text][\/et_pb_column][\/et_pb_row][et_pb_row _builder_version=\u00a0\u00bb4.25.1&Prime; _module_preset=\u00a0\u00bbdefault\u00a0\u00bb global_colors_info=\u00a0\u00bb{}\u00a0\u00bb][et_pb_column type=\u00a0\u00bb4_4&Prime; _builder_version=\u00a0\u00bb4.25.1&Prime; _module_preset=\u00a0\u00bbdefault\u00a0\u00bb global_colors_info=\u00a0\u00bb{}\u00a0\u00bb][et_pb_button button_url=\u00a0\u00bbhttp:\/\/139700287.hs-sites-eu1.com\/golf-formulaire-de-contact\u00a0\u00bb button_text=\u00a0\u00bbCONTACTEZ NOS SP\u00c9CIALISTES\u00a0\u00bb button_alignment=\u00a0\u00bbcenter\u00a0\u00bb _builder_version=\u00a0\u00bb4.25.1&Prime; _module_preset=\u00a0\u00bbdefault\u00a0\u00bb custom_button=\u00a0\u00bbon\u00a0\u00bb button_text_size=\u00a0\u00bb14px\u00a0\u00bb button_text_color=\u00a0\u00bb#000000&Prime; button_border_width=\u00a0\u00bb1px\u00a0\u00bb button_border_radius=\u00a0\u00bb6px\u00a0\u00bb button_font=\u00a0\u00bbMontserrat||||||||\u00a0\u00bb global_colors_info=\u00a0\u00bb{}\u00a0\u00bb][\/et_pb_button][\/et_pb_column][\/et_pb_row][\/et_pb_section]<\/p>\n","protected":false},"excerpt":{"rendered":"<p>LE MAGL&rsquo;\u0152IL DE Lucien Noir, grand reporter voyage Lucien Noir, n\u00e9 \u00e0 Lyon en 1978, est un photographe fran\u00e7ais dont la ma\u00eetrise du noir et blanc l\u2019a propuls\u00e9 sur la sc\u00e8ne internationale. Fascin\u00e9 par la lumi\u00e8re d\u00e8s son plus jeune \u00e2ge, Lucien a commenc\u00e9 \u00e0 explorer la photographie \u00e0 l&rsquo;adolescence, arm\u00e9 d&rsquo;un appareil photo argentique [&hellip;]<\/p>\n","protected":false},"author":1,"featured_media":0,"parent":0,"menu_order":0,"comment_status":"closed","ping_status":"closed","template":"","meta":{"_et_pb_use_builder":"on","_et_pb_old_content":"","_et_gb_content_width":"","footnotes":""},"class_list":["post-5622","page","type-page","status-publish","hentry"],"yoast_head":"<!-- This site is optimized with the Yoast SEO plugin v26.4 - https:\/\/yoast.com\/wordpress\/plugins\/seo\/ -->\n<title>Havas-test-\u0153il-sur - Alexandre dallant - Directeur Artistique<\/title>\n<meta name=\"robots\" content=\"index, follow, max-snippet:-1, max-image-preview:large, max-video-preview:-1\" \/>\n<link rel=\"canonical\" href=\"https:\/\/alexandre-dallant.com\/index.php\/havas-test-oeil-sur\/\" \/>\n<meta property=\"og:locale\" content=\"fr_FR\" \/>\n<meta property=\"og:type\" content=\"article\" \/>\n<meta property=\"og:title\" content=\"Havas-test-\u0153il-sur - Alexandre dallant - Directeur Artistique\" \/>\n<meta property=\"og:description\" content=\"LE MAGL&#039;\u0152IL DE Lucien Noir, grand reporter voyage Lucien Noir, n\u00e9 \u00e0 Lyon en 1978, est un photographe fran\u00e7ais dont la ma\u00eetrise du noir et blanc l\u2019a propuls\u00e9 sur la sc\u00e8ne internationale. Fascin\u00e9 par la lumi\u00e8re d\u00e8s son plus jeune \u00e2ge, Lucien a commenc\u00e9 \u00e0 explorer la photographie \u00e0 l&#039;adolescence, arm\u00e9 d&#039;un appareil photo argentique [&hellip;]\" \/>\n<meta property=\"og:url\" content=\"https:\/\/alexandre-dallant.com\/index.php\/havas-test-oeil-sur\/\" \/>\n<meta property=\"og:site_name\" content=\"Alexandre dallant - Directeur Artistique\" \/>\n<meta property=\"article:modified_time\" content=\"2025-03-25T17:10:28+00:00\" \/>\n<meta name=\"twitter:card\" content=\"summary_large_image\" \/>\n<script type=\"application\/ld+json\" class=\"yoast-schema-graph\">{\"@context\":\"https:\/\/schema.org\",\"@graph\":[{\"@type\":\"WebPage\",\"@id\":\"https:\/\/alexandre-dallant.com\/index.php\/havas-test-oeil-sur\/\",\"url\":\"https:\/\/alexandre-dallant.com\/index.php\/havas-test-oeil-sur\/\",\"name\":\"Havas-test-\u0153il-sur - Alexandre dallant - Directeur Artistique\",\"isPartOf\":{\"@id\":\"https:\/\/alexandre-dallant.com\/#website\"},\"datePublished\":\"2024-08-29T16:21:51+00:00\",\"dateModified\":\"2025-03-25T17:10:28+00:00\",\"breadcrumb\":{\"@id\":\"https:\/\/alexandre-dallant.com\/index.php\/havas-test-oeil-sur\/#breadcrumb\"},\"inLanguage\":\"fr-FR\",\"potentialAction\":[{\"@type\":\"ReadAction\",\"target\":[\"https:\/\/alexandre-dallant.com\/index.php\/havas-test-oeil-sur\/\"]}]},{\"@type\":\"BreadcrumbList\",\"@id\":\"https:\/\/alexandre-dallant.com\/index.php\/havas-test-oeil-sur\/#breadcrumb\",\"itemListElement\":[{\"@type\":\"ListItem\",\"position\":1,\"name\":\"Accueil\",\"item\":\"https:\/\/alexandre-dallant.com\/\"},{\"@type\":\"ListItem\",\"position\":2,\"name\":\"Havas-test-\u0153il-sur\"}]},{\"@type\":\"WebSite\",\"@id\":\"https:\/\/alexandre-dallant.com\/#website\",\"url\":\"https:\/\/alexandre-dallant.com\/\",\"name\":\"Alexandre dallant - Directeur Artistique\",\"description\":\"Directeur artistique depuis 30 ans | Vision cr\u00e9ative 360\u00b0 pour grandes marques | Expertise design, branding &amp; strat\u00e9gie visuelle | D\u00e9couvrez mon portfolio\",\"potentialAction\":[{\"@type\":\"SearchAction\",\"target\":{\"@type\":\"EntryPoint\",\"urlTemplate\":\"https:\/\/alexandre-dallant.com\/?s={search_term_string}\"},\"query-input\":{\"@type\":\"PropertyValueSpecification\",\"valueRequired\":true,\"valueName\":\"search_term_string\"}}],\"inLanguage\":\"fr-FR\"}]}<\/script>\n<!-- \/ Yoast SEO plugin. -->","yoast_head_json":{"title":"Havas-test-\u0153il-sur - Alexandre dallant - Directeur Artistique","robots":{"index":"index","follow":"follow","max-snippet":"max-snippet:-1","max-image-preview":"max-image-preview:large","max-video-preview":"max-video-preview:-1"},"canonical":"https:\/\/alexandre-dallant.com\/index.php\/havas-test-oeil-sur\/","og_locale":"fr_FR","og_type":"article","og_title":"Havas-test-\u0153il-sur - Alexandre dallant - Directeur Artistique","og_description":"LE MAGL'\u0152IL DE Lucien Noir, grand reporter voyage Lucien Noir, n\u00e9 \u00e0 Lyon en 1978, est un photographe fran\u00e7ais dont la ma\u00eetrise du noir et blanc l\u2019a propuls\u00e9 sur la sc\u00e8ne internationale. Fascin\u00e9 par la lumi\u00e8re d\u00e8s son plus jeune \u00e2ge, Lucien a commenc\u00e9 \u00e0 explorer la photographie \u00e0 l'adolescence, arm\u00e9 d'un appareil photo argentique [&hellip;]","og_url":"https:\/\/alexandre-dallant.com\/index.php\/havas-test-oeil-sur\/","og_site_name":"Alexandre dallant - Directeur Artistique","article_modified_time":"2025-03-25T17:10:28+00:00","twitter_card":"summary_large_image","schema":{"@context":"https:\/\/schema.org","@graph":[{"@type":"WebPage","@id":"https:\/\/alexandre-dallant.com\/index.php\/havas-test-oeil-sur\/","url":"https:\/\/alexandre-dallant.com\/index.php\/havas-test-oeil-sur\/","name":"Havas-test-\u0153il-sur - Alexandre dallant - Directeur Artistique","isPartOf":{"@id":"https:\/\/alexandre-dallant.com\/#website"},"datePublished":"2024-08-29T16:21:51+00:00","dateModified":"2025-03-25T17:10:28+00:00","breadcrumb":{"@id":"https:\/\/alexandre-dallant.com\/index.php\/havas-test-oeil-sur\/#breadcrumb"},"inLanguage":"fr-FR","potentialAction":[{"@type":"ReadAction","target":["https:\/\/alexandre-dallant.com\/index.php\/havas-test-oeil-sur\/"]}]},{"@type":"BreadcrumbList","@id":"https:\/\/alexandre-dallant.com\/index.php\/havas-test-oeil-sur\/#breadcrumb","itemListElement":[{"@type":"ListItem","position":1,"name":"Accueil","item":"https:\/\/alexandre-dallant.com\/"},{"@type":"ListItem","position":2,"name":"Havas-test-\u0153il-sur"}]},{"@type":"WebSite","@id":"https:\/\/alexandre-dallant.com\/#website","url":"https:\/\/alexandre-dallant.com\/","name":"Alexandre dallant - Directeur Artistique","description":"Directeur artistique depuis 30 ans | Vision cr\u00e9ative 360\u00b0 pour grandes marques | Expertise design, branding &amp; strat\u00e9gie visuelle | D\u00e9couvrez mon portfolio","potentialAction":[{"@type":"SearchAction","target":{"@type":"EntryPoint","urlTemplate":"https:\/\/alexandre-dallant.com\/?s={search_term_string}"},"query-input":{"@type":"PropertyValueSpecification","valueRequired":true,"valueName":"search_term_string"}}],"inLanguage":"fr-FR"}]}},"_links":{"self":[{"href":"https:\/\/alexandre-dallant.com\/index.php\/wp-json\/wp\/v2\/pages\/5622","targetHints":{"allow":["GET"]}}],"collection":[{"href":"https:\/\/alexandre-dallant.com\/index.php\/wp-json\/wp\/v2\/pages"}],"about":[{"href":"https:\/\/alexandre-dallant.com\/index.php\/wp-json\/wp\/v2\/types\/page"}],"author":[{"embeddable":true,"href":"https:\/\/alexandre-dallant.com\/index.php\/wp-json\/wp\/v2\/users\/1"}],"replies":[{"embeddable":true,"href":"https:\/\/alexandre-dallant.com\/index.php\/wp-json\/wp\/v2\/comments?post=5622"}],"version-history":[{"count":16,"href":"https:\/\/alexandre-dallant.com\/index.php\/wp-json\/wp\/v2\/pages\/5622\/revisions"}],"predecessor-version":[{"id":7113,"href":"https:\/\/alexandre-dallant.com\/index.php\/wp-json\/wp\/v2\/pages\/5622\/revisions\/7113"}],"wp:attachment":[{"href":"https:\/\/alexandre-dallant.com\/index.php\/wp-json\/wp\/v2\/media?parent=5622"}],"curies":[{"name":"wp","href":"https:\/\/api.w.org\/{rel}","templated":true}]}}